{"id":63,"date":"2024-04-22T01:10:19","date_gmt":"2024-04-22T01:10:19","guid":{"rendered":"https:\/\/siglo21.cr.sinlimitescr.xyz\/?page_id=63"},"modified":"2025-08-05T13:26:43","modified_gmt":"2025-08-05T19:26:43","slug":"blog","status":"publish","type":"page","link":"https:\/\/siglo21.cr\/eng\/blog\/","title":{"rendered":"BLOG"},"content":{"rendered":"<div data-elementor-type=\"wp-page\" data-elementor-id=\"63\" class=\"elementor elementor-63\">\n\t\t\t\t<div class=\"elementor-element elementor-element-5e308dc4 e-con-full e-flex wpr-particle-no wpr-jarallax-no wpr-parallax-no wpr-sticky-section-no e-con e-parent\" data-id=\"5e308dc4\" data-element_type=\"container\">\n\t\t\t\t<div class=\"elementor-element elementor-element-ee13f4b elementor-widget elementor-widget-heading\" data-id=\"ee13f4b\" data-element_type=\"widget\" data-widget_type=\"heading.default\">\n\t\t\t\t<div class=\"elementor-widget-container\">\n\t\t\t\t\t<h2 class=\"elementor-heading-title elementor-size-default\">BLOG<\/h2>\t\t\t\t<\/div>\n\t\t\t\t<\/div>\n\t\t\t\t<\/div>\n\t\t<div class=\"elementor-element elementor-element-47b325b e-flex e-con-boxed wpr-particle-no wpr-jarallax-no wpr-parallax-no wpr-sticky-section-no e-con e-parent\" data-id=\"47b325b\" data-element_type=\"container\">\n\t\t\t\t\t<div class=\"e-con-inner\">\n\t\t\t\t<div class=\"elementor-element elementor-element-3a1e926 raven-advaned-posts-equal-height-yes raven-hover-zoom-move elementor-widget__width-initial elementor-widget elementor-widget-raven-advanced-posts\" data-id=\"3a1e926\" data-element_type=\"widget\" data-settings=\"{&quot;featured_image_hover&quot;:&quot;zoom-move&quot;,&quot;load_effect&quot;:&quot;fade-in&quot;,&quot;columns&quot;:&quot;4&quot;,&quot;general_layout&quot;:&quot;grid&quot;,&quot;columns_tablet&quot;:&quot;2&quot;,&quot;columns_mobile&quot;:&quot;1&quot;,&quot;query_posts_per_page&quot;:6,&quot;query_offset&quot;:0}\" data-widget_type=\"raven-advanced-posts.default\">\n\t\t\t\t<div class=\"elementor-widget-container\">\n\t\t\t\t\t\t\t<div class=\"raven-posts raven-posts-grid\">\r\n\t\t\t\t\t\t<div class=\"advanced-posts-content content-layout-under-image raven-grid raven-grid-4 raven-grid-mobile-1 raven-grid-tablet-2 zoom-move\" data-post-id=\"63\" data-archive-query=\"\">\r\n\t\t\t\t<div class=\"raven-posts-item raven-grid-item\"><div class=\"raven-post-wrapper raven-posts-load-effect raven-post-effect-fade-in\"><div class=\"raven-post\"><div class=\"raven-post-image-wrap\"><a class=\"raven-post-image raven-image-fit\" href=\"https:\/\/siglo21.cr\/eng\/2026\/04\/16\/mitos-comunes-en-radioterapia\/\"><div class='raven-posts-zoom-move-wrapper' style='background-image: url(https:\/\/siglo21.cr\/wp-content\/uploads\/2024\/05\/videos.png)'><\/div> <img fetchpriority=\"high\" decoding=\"async\" width=\"410\" height=\"215\" src=\"https:\/\/siglo21.cr\/wp-content\/uploads\/2024\/05\/videos.png\" class=\"attachment-large size-large wp-image-1064\" alt=\"Mitos de la radioterapia\" srcset=\"https:\/\/siglo21.cr\/wp-content\/uploads\/2024\/05\/videos.png 410w, https:\/\/siglo21.cr\/wp-content\/uploads\/2024\/05\/videos-300x157.png 300w, https:\/\/siglo21.cr\/wp-content\/uploads\/2024\/05\/videos-18x9.png 18w\" sizes=\"(max-width: 410px) 100vw, 410px\" \/><span class=\"raven-post-image-overlay\"><\/span><\/a><\/div><div class=\"raven-post-content-container\"><div class=\"raven-post-content\"><div class=\"raven-post-meta\"><a class=\"raven-post-meta-item raven-post-date\" href=\"https:\/\/siglo21.cr\/eng\/2026\/04\/\" rel=\"bookmark\">April 16, 2026<\/a><\/div><h3 class=\"raven-post-title\"><a class=\"raven-post-title-link\" href=\"https:\/\/siglo21.cr\/eng\/2026\/04\/16\/mitos-comunes-en-radioterapia\/\">\u00bfCu\u00e1les son los mitos m\u00e1s comunes sobre la radioterapia?<\/a><\/h3><div class=\"raven-post-excerpt\">Recibir la noticia de que usted o un ser querido necesita<\/div><\/div><div class=\"raven-post-author-spotlight\"><a href=\"https:\/\/siglo21.cr\/eng\/author\/krisly\/\"><img decoding=\"async\" src=\"https:\/\/secure.gravatar.com\/avatar\/a5bc92af5edc40104d78a98389cec111327a6160d0b977dd2ac427b0a92e937a?s=256&amp;d=mm&amp;r=g\" title=\"Krisly\" alt=\"Krisly\">By Krisly<\/a><\/div><\/div><\/div><\/div><\/div><div class=\"raven-posts-item raven-grid-item\"><div class=\"raven-post-wrapper raven-posts-load-effect raven-post-effect-fade-in\"><div class=\"raven-post\"><div class=\"raven-post-image-wrap\"><a class=\"raven-post-image raven-image-fit\" href=\"https:\/\/siglo21.cr\/eng\/2025\/12\/17\/cancer-y-navidad-consejos-para-pacientes-este-fin-de-ano\/\"><div class='raven-posts-zoom-move-wrapper' style='background-image: url(https:\/\/siglo21.cr\/wp-content\/uploads\/2025\/12\/Imagenes-para-blog-800-x-600-px.jpg)'><\/div> <img decoding=\"async\" width=\"800\" height=\"600\" src=\"https:\/\/siglo21.cr\/wp-content\/uploads\/2025\/12\/Imagenes-para-blog-800-x-600-px.jpg\" class=\"attachment-large size-large wp-image-2543\" alt=\"Navidad y c\u00e1ncer\" srcset=\"https:\/\/siglo21.cr\/wp-content\/uploads\/2025\/12\/Imagenes-para-blog-800-x-600-px.jpg 800w, https:\/\/siglo21.cr\/wp-content\/uploads\/2025\/12\/Imagenes-para-blog-800-x-600-px-300x225.jpg 300w, https:\/\/siglo21.cr\/wp-content\/uploads\/2025\/12\/Imagenes-para-blog-800-x-600-px-768x576.jpg 768w, https:\/\/siglo21.cr\/wp-content\/uploads\/2025\/12\/Imagenes-para-blog-800-x-600-px-16x12.jpg 16w\" sizes=\"(max-width: 800px) 100vw, 800px\" \/><span class=\"raven-post-image-overlay\"><\/span><\/a><\/div><div class=\"raven-post-content-container\"><div class=\"raven-post-content\"><div class=\"raven-post-meta\"><a class=\"raven-post-meta-item raven-post-date\" href=\"https:\/\/siglo21.cr\/eng\/2025\/12\/\" rel=\"bookmark\">December 17, 2025<\/a><\/div><h3 class=\"raven-post-title\"><a class=\"raven-post-title-link\" href=\"https:\/\/siglo21.cr\/eng\/2025\/12\/17\/cancer-y-navidad-consejos-para-pacientes-este-fin-de-ano\/\">\u00bfNavidad y c\u00e1ncer? Consejos para fin de a\u00f1o<\/a><\/h3><div class=\"raven-post-excerpt\">La temporada de fin de a\u00f1o, con sus festividades y reuniones,<\/div><\/div><div class=\"raven-post-author-spotlight\"><a href=\"https:\/\/siglo21.cr\/eng\/author\/krisly\/\"><img decoding=\"async\" src=\"https:\/\/secure.gravatar.com\/avatar\/a5bc92af5edc40104d78a98389cec111327a6160d0b977dd2ac427b0a92e937a?s=256&amp;d=mm&amp;r=g\" title=\"Krisly\" alt=\"Krisly\">By Krisly<\/a><\/div><\/div><\/div><\/div><\/div><div class=\"raven-posts-item raven-grid-item\"><div class=\"raven-post-wrapper raven-posts-load-effect raven-post-effect-fade-in\"><div class=\"raven-post\"><div class=\"raven-post-image-wrap\"><a class=\"raven-post-image raven-image-fit\" href=\"https:\/\/siglo21.cr\/eng\/2025\/10\/09\/una-historia-de-esperanza-cancer-de-mama-a-los-25-anos\/\"><div class='raven-posts-zoom-move-wrapper' style='background-image: url(https:\/\/siglo21.cr\/wp-content\/uploads\/2025\/10\/Blogs-8-1024x302.png)'><\/div> <img decoding=\"async\" width=\"1024\" height=\"302\" src=\"https:\/\/siglo21.cr\/wp-content\/uploads\/2025\/10\/Blogs-8-1024x302.png\" class=\"attachment-large size-large wp-image-2524\" alt=\"\" srcset=\"https:\/\/siglo21.cr\/wp-content\/uploads\/2025\/10\/Blogs-8-1024x302.png 1024w, https:\/\/siglo21.cr\/wp-content\/uploads\/2025\/10\/Blogs-8-300x88.png 300w, https:\/\/siglo21.cr\/wp-content\/uploads\/2025\/10\/Blogs-8-768x226.png 768w, https:\/\/siglo21.cr\/wp-content\/uploads\/2025\/10\/Blogs-8-1536x453.png 1536w, https:\/\/siglo21.cr\/wp-content\/uploads\/2025\/10\/Blogs-8-18x5.png 18w, https:\/\/siglo21.cr\/wp-content\/uploads\/2025\/10\/Blogs-8.png 1900w\" sizes=\"(max-width: 1024px) 100vw, 1024px\" \/><span class=\"raven-post-image-overlay\"><\/span><\/a><\/div><div class=\"raven-post-content-container\"><div class=\"raven-post-content\"><div class=\"raven-post-meta\"><a class=\"raven-post-meta-item raven-post-date\" href=\"https:\/\/siglo21.cr\/eng\/2025\/10\/\" rel=\"bookmark\">October 9, 2025<\/a><\/div><h3 class=\"raven-post-title\"><a class=\"raven-post-title-link\" href=\"https:\/\/siglo21.cr\/eng\/2025\/10\/09\/una-historia-de-esperanza-cancer-de-mama-a-los-25-anos\/\">A Story of Hope\u2026 Breast Cancer at 25<\/a><\/h3><div class=\"raven-post-excerpt\">Arantxa fue diagnosticada con c\u00e1ncer de mama a la corta edad<\/div><\/div><div class=\"raven-post-author-spotlight\"><a href=\"https:\/\/siglo21.cr\/eng\/author\/karen\/\"><img decoding=\"async\" src=\"https:\/\/secure.gravatar.com\/avatar\/f4e86bb5e86e15ae87b9c6c0d5f3fd7b990ed74ea6b4fac146f6216e7e0eacd0?s=256&amp;d=mm&amp;r=g\" title=\"Karen\" alt=\"Karen\">By Karen<\/a><\/div><\/div><\/div><\/div><\/div><div class=\"raven-posts-item raven-grid-item\"><div class=\"raven-post-wrapper raven-posts-load-effect raven-post-effect-fade-in\"><div class=\"raven-post\"><div class=\"raven-post-image-wrap\"><a class=\"raven-post-image raven-image-fit\" href=\"https:\/\/siglo21.cr\/eng\/2025\/09\/03\/senales-del-cancer\/\"><div class='raven-posts-zoom-move-wrapper' style='background-image: url(https:\/\/siglo21.cr\/wp-content\/uploads\/2025\/09\/Diseno-sin-titulo-7.png)'><\/div> <img loading=\"lazy\" decoding=\"async\" width=\"800\" height=\"600\" src=\"https:\/\/siglo21.cr\/wp-content\/uploads\/2025\/09\/Diseno-sin-titulo-7.png\" class=\"attachment-large size-large wp-image-2507\" alt=\"\" srcset=\"https:\/\/siglo21.cr\/wp-content\/uploads\/2025\/09\/Diseno-sin-titulo-7.png 800w, https:\/\/siglo21.cr\/wp-content\/uploads\/2025\/09\/Diseno-sin-titulo-7-300x225.png 300w, https:\/\/siglo21.cr\/wp-content\/uploads\/2025\/09\/Diseno-sin-titulo-7-768x576.png 768w, https:\/\/siglo21.cr\/wp-content\/uploads\/2025\/09\/Diseno-sin-titulo-7-16x12.png 16w\" sizes=\"(max-width: 800px) 100vw, 800px\" \/><span class=\"raven-post-image-overlay\"><\/span><\/a><\/div><div class=\"raven-post-content-container\"><div class=\"raven-post-content\"><div class=\"raven-post-meta\"><a class=\"raven-post-meta-item raven-post-date\" href=\"https:\/\/siglo21.cr\/eng\/2025\/09\/\" rel=\"bookmark\">September 3, 2025<\/a><\/div><h3 class=\"raven-post-title\"><a class=\"raven-post-title-link\" href=\"https:\/\/siglo21.cr\/eng\/2025\/09\/03\/senales-del-cancer\/\">When Does Cancer Show No Symptoms? Warning Signs<\/a><\/h3><div class=\"raven-post-excerpt\">En muchas ocasiones, el c\u00e1ncer puede avanzar silenciosamente sin mostrar se\u00f1ales<\/div><\/div><div class=\"raven-post-author-spotlight\"><a href=\"https:\/\/siglo21.cr\/eng\/author\/karen\/\"><img decoding=\"async\" src=\"https:\/\/secure.gravatar.com\/avatar\/f4e86bb5e86e15ae87b9c6c0d5f3fd7b990ed74ea6b4fac146f6216e7e0eacd0?s=256&amp;d=mm&amp;r=g\" title=\"Karen\" alt=\"Karen\">By Karen<\/a><\/div><\/div><\/div><\/div><\/div><div class=\"raven-posts-item raven-grid-item\"><div class=\"raven-post-wrapper raven-posts-load-effect raven-post-effect-fade-in\"><div class=\"raven-post\"><div class=\"raven-post-image-wrap\"><a class=\"raven-post-image raven-image-fit\" href=\"https:\/\/siglo21.cr\/eng\/2025\/08\/28\/linfomas-y-tratamientos\/\"><div class='raven-posts-zoom-move-wrapper' style='background-image: url(https:\/\/siglo21.cr\/wp-content\/uploads\/2025\/08\/Diseno-sin-titulo-6.png)'><\/div> <img loading=\"lazy\" decoding=\"async\" width=\"800\" height=\"600\" src=\"https:\/\/siglo21.cr\/wp-content\/uploads\/2025\/08\/Diseno-sin-titulo-6.png\" class=\"attachment-large size-large wp-image-2503\" alt=\"\" srcset=\"https:\/\/siglo21.cr\/wp-content\/uploads\/2025\/08\/Diseno-sin-titulo-6.png 800w, https:\/\/siglo21.cr\/wp-content\/uploads\/2025\/08\/Diseno-sin-titulo-6-300x225.png 300w, https:\/\/siglo21.cr\/wp-content\/uploads\/2025\/08\/Diseno-sin-titulo-6-768x576.png 768w, https:\/\/siglo21.cr\/wp-content\/uploads\/2025\/08\/Diseno-sin-titulo-6-16x12.png 16w\" sizes=\"(max-width: 800px) 100vw, 800px\" \/><span class=\"raven-post-image-overlay\"><\/span><\/a><\/div><div class=\"raven-post-content-container\"><div class=\"raven-post-content\"><div class=\"raven-post-meta\"><a class=\"raven-post-meta-item raven-post-date\" href=\"https:\/\/siglo21.cr\/eng\/2025\/08\/\" rel=\"bookmark\">August 28, 2025<\/a><\/div><h3 class=\"raven-post-title\"><a class=\"raven-post-title-link\" href=\"https:\/\/siglo21.cr\/eng\/2025\/08\/28\/linfomas-y-tratamientos\/\">Lymphomas: What\u2019s the Difference Between Hodgkin and Non-Hodgkin?<\/a><\/h3><div class=\"raven-post-excerpt\">Se\u00f1ales de alerta, s\u00edntomas, opciones de tratamiento y m\u00e1s... Respondemos a tus dudas m\u00e1s frecuentes acerca del Linfoma.<\/div><\/div><div class=\"raven-post-author-spotlight\"><a href=\"https:\/\/siglo21.cr\/eng\/author\/karen\/\"><img decoding=\"async\" src=\"https:\/\/secure.gravatar.com\/avatar\/f4e86bb5e86e15ae87b9c6c0d5f3fd7b990ed74ea6b4fac146f6216e7e0eacd0?s=256&amp;d=mm&amp;r=g\" title=\"Karen\" alt=\"Karen\">By Karen<\/a><\/div><\/div><\/div><\/div><\/div><div class=\"raven-posts-item raven-grid-item\"><div class=\"raven-post-wrapper raven-posts-load-effect raven-post-effect-fade-in\"><div class=\"raven-post\"><div class=\"raven-post-image-wrap\"><a class=\"raven-post-image raven-image-fit\" href=\"https:\/\/siglo21.cr\/eng\/2025\/08\/12\/cancer-prostata-radioterapia-radiocirugia\/\"><div class='raven-posts-zoom-move-wrapper' style='background-image: url(https:\/\/siglo21.cr\/wp-content\/uploads\/2024\/04\/cancer-de-prostata-1.jpg)'><\/div> <img loading=\"lazy\" decoding=\"async\" width=\"800\" height=\"600\" src=\"https:\/\/siglo21.cr\/wp-content\/uploads\/2024\/04\/cancer-de-prostata-1.jpg\" class=\"attachment-large size-large wp-image-721\" alt=\"\" srcset=\"https:\/\/siglo21.cr\/wp-content\/uploads\/2024\/04\/cancer-de-prostata-1.jpg 800w, https:\/\/siglo21.cr\/wp-content\/uploads\/2024\/04\/cancer-de-prostata-1-300x225.jpg 300w, https:\/\/siglo21.cr\/wp-content\/uploads\/2024\/04\/cancer-de-prostata-1-768x576.jpg 768w\" sizes=\"(max-width: 800px) 100vw, 800px\" \/><span class=\"raven-post-image-overlay\"><\/span><\/a><\/div><div class=\"raven-post-content-container\"><div class=\"raven-post-content\"><div class=\"raven-post-meta\"><a class=\"raven-post-meta-item raven-post-date\" href=\"https:\/\/siglo21.cr\/eng\/2025\/08\/\" rel=\"bookmark\">August 12, 2025<\/a><\/div><h3 class=\"raven-post-title\"><a class=\"raven-post-title-link\" href=\"https:\/\/siglo21.cr\/eng\/2025\/08\/12\/cancer-prostata-radioterapia-radiocirugia\/\">Prostate Cancer: What Are the Warning Signs, Treatment Options, and When to Choose Radiotherapy or Surgery?<\/a><\/h3><div class=\"raven-post-excerpt\">El c\u00e1ncer de pr\u00f3stata es un tumor maligno que se forma<\/div><\/div><div class=\"raven-post-author-spotlight\"><a href=\"https:\/\/siglo21.cr\/eng\/author\/karen\/\"><img decoding=\"async\" src=\"https:\/\/secure.gravatar.com\/avatar\/f4e86bb5e86e15ae87b9c6c0d5f3fd7b990ed74ea6b4fac146f6216e7e0eacd0?s=256&amp;d=mm&amp;r=g\" title=\"Karen\" alt=\"Karen\">By Karen<\/a><\/div><\/div><\/div><\/div><\/div>\t\t\t<\/div>\r\n\t\t\t\t\t<\/div>\r\n\t\t\t\t\t\t<\/div>\n\t\t\t\t<\/div>\n\t\t\t\t\t<\/div>\n\t\t\t\t<\/div>\n\t\t\t\t<\/div>","protected":false},"excerpt":{"rendered":"<p>BLOG agosto 5, 2025 \u00bfEs la radiocirug\u00eda una alternativa para lesiones cerebrales? La Radiocirug\u00eda puede ser esa alternativa no invasiva que estas buscando. Conoce m\u00e1s en este art\u00edculoBy Karen julio 29, 2025 \u00bfPor qu\u00e9 debo considerar el tratamiento de radioterapia? Enfrentarse a un diagn\u00f3stico de c\u00e1ncer genera muchas preguntas y laBy Krisly junio 27, 2025 Radioterapia y Calidad de Vida: \u00bfC\u00f3mo lograrlo? Recibir un tratamiento de radioterapia es un paso crucial en laBy Krisly mayo 15, 2025 Consejos para pacientes que van a recibir tratamiento de radioterapia Recibir un diagn\u00f3stico de c\u00e1ncer y comenzar el tratamiento de radioterapiaBy Krisly mayo 7, 2025 Radioterapia: una luz de esperanza contra el c\u00e1ncer En la lucha contra el c\u00e1ncer, la radioterapia se erige comoBy Krisly marzo 27, 2025 El ABC Emocional de un nuevo paciente con c\u00e1ncer Los desaf\u00edos emocionales de un nuevo diagn\u00f3stico de c\u00e1ncer pueden ser dif\u00edciles. Te presentamos herramientas psicol\u00f3gicas para sobrellevar el procesoBy Karen<\/p>","protected":false},"author":1,"featured_media":0,"parent":0,"menu_order":0,"comment_status":"closed","ping_status":"closed","template":"elementor_header_footer","meta":{"_acf_changed":false,"inline_featured_image":false,"_joinchat":[],"footnotes":""},"class_list":["post-63","page","type-page","status-publish","hentry"],"acf":[],"yoast_head":"<!-- This site is optimized with the Yoast SEO plugin v25.2 - https:\/\/yoast.com\/wordpress\/plugins\/seo\/ -->\n<title>BLOG - SigloXXI - Centro Me\u0301dico de Radioterapia<\/title>\n<meta name=\"description\" content=\"En nuestra secci\u00f3n Blog encontrar\u00e1 art\u00edculos de nutrici\u00f3n, salud emocional, cuidados durante el tratamiento y estilo de vida.\" \/>\n<meta name=\"robots\" content=\"index, follow, max-snippet:-1, max-image-preview:large, max-video-preview:-1\" \/>\n<link rel=\"canonical\" href=\"https:\/\/siglo21.cr\/eng\/blog\/\" \/>\n<meta property=\"og:locale\" content=\"en_US\" \/>\n<meta property=\"og:type\" content=\"article\" \/>\n<meta property=\"og:title\" content=\"BLOG - SigloXXI - Centro Me\u0301dico de Radioterapia\" \/>\n<meta property=\"og:description\" content=\"En nuestra secci\u00f3n Blog encontrar\u00e1 art\u00edculos de nutrici\u00f3n, salud emocional, cuidados durante el tratamiento y estilo de vida.\" \/>\n<meta property=\"og:url\" content=\"https:\/\/siglo21.cr\/eng\/blog\/\" \/>\n<meta property=\"og:site_name\" content=\"SigloXXI - Centro Me\u0301dico de Radioterapia\" \/>\n<meta property=\"article:publisher\" content=\"https:\/\/www.facebook.com\/sigloXXIcr\/\" \/>\n<meta property=\"article:modified_time\" content=\"2025-08-05T19:26:43+00:00\" \/>\n<meta property=\"og:image\" content=\"https:\/\/siglo21.cr\/wp-content\/uploads\/2025\/05\/Diseno-sin-titulo-4.png\" \/>\n\t<meta property=\"og:image:width\" content=\"800\" \/>\n\t<meta property=\"og:image:height\" content=\"800\" \/>\n\t<meta property=\"og:image:type\" content=\"image\/png\" \/>\n<meta name=\"twitter:card\" content=\"summary_large_image\" \/>\n<meta name=\"twitter:site\" content=\"@siglo21cr\" \/>\n<meta name=\"twitter:label1\" content=\"Est. reading time\" \/>\n\t<meta name=\"twitter:data1\" content=\"4 minutes\" \/>\n<script type=\"application\/ld+json\" class=\"yoast-schema-graph\">{\"@context\":\"https:\/\/schema.org\",\"@graph\":[{\"@type\":\"WebPage\",\"@id\":\"https:\/\/siglo21.cr\/blog\/\",\"url\":\"https:\/\/siglo21.cr\/blog\/\",\"name\":\"BLOG - SigloXXI - Centro Me\u0301dico de Radioterapia\",\"isPartOf\":{\"@id\":\"https:\/\/siglo21.cr\/#website\"},\"primaryImageOfPage\":{\"@id\":\"https:\/\/siglo21.cr\/blog\/#primaryimage\"},\"image\":{\"@id\":\"https:\/\/siglo21.cr\/blog\/#primaryimage\"},\"thumbnailUrl\":\"https:\/\/siglo21.cr\/wp-content\/uploads\/2025\/05\/Diseno-sin-titulo-4.png\",\"datePublished\":\"2024-04-22T01:10:19+00:00\",\"dateModified\":\"2025-08-05T19:26:43+00:00\",\"description\":\"En nuestra secci\u00f3n Blog encontrar\u00e1 art\u00edculos de nutrici\u00f3n, salud emocional, cuidados durante el tratamiento y estilo de vida.\",\"breadcrumb\":{\"@id\":\"https:\/\/siglo21.cr\/blog\/#breadcrumb\"},\"inLanguage\":\"en-US\",\"potentialAction\":[{\"@type\":\"ReadAction\",\"target\":[\"https:\/\/siglo21.cr\/blog\/\"]}]},{\"@type\":\"ImageObject\",\"inLanguage\":\"en-US\",\"@id\":\"https:\/\/siglo21.cr\/blog\/#primaryimage\",\"url\":\"https:\/\/siglo21.cr\/wp-content\/uploads\/2025\/05\/Diseno-sin-titulo-4.png\",\"contentUrl\":\"https:\/\/siglo21.cr\/wp-content\/uploads\/2025\/05\/Diseno-sin-titulo-4.png\"},{\"@type\":\"BreadcrumbList\",\"@id\":\"https:\/\/siglo21.cr\/blog\/#breadcrumb\",\"itemListElement\":[{\"@type\":\"ListItem\",\"position\":1,\"name\":\"Portada\",\"item\":\"https:\/\/siglo21.cr\/\"},{\"@type\":\"ListItem\",\"position\":2,\"name\":\"BLOG\"}]},{\"@type\":\"WebSite\",\"@id\":\"https:\/\/siglo21.cr\/#website\",\"url\":\"https:\/\/siglo21.cr\/\",\"name\":\"SigloXXI - Centro Me\u0301dico de Radioterapia\",\"description\":\"Centro me\u0301dico de Radioterapia Siglo XXI esta\u0301 enfocado en la atencio\u0301n del paciente oncolo\u0301gico, alta tecnologi\u0301a para combatir el ca\u0301ncer\",\"publisher\":{\"@id\":\"https:\/\/siglo21.cr\/#organization\"},\"potentialAction\":[{\"@type\":\"SearchAction\",\"target\":{\"@type\":\"EntryPoint\",\"urlTemplate\":\"https:\/\/siglo21.cr\/?s={search_term_string}\"},\"query-input\":{\"@type\":\"PropertyValueSpecification\",\"valueRequired\":true,\"valueName\":\"search_term_string\"}}],\"inLanguage\":\"en-US\"},{\"@type\":\"Organization\",\"@id\":\"https:\/\/siglo21.cr\/#organization\",\"name\":\"SigloXXI - Centro Me\u0301dico de Radioterapia\",\"url\":\"https:\/\/siglo21.cr\/\",\"logo\":{\"@type\":\"ImageObject\",\"inLanguage\":\"en-US\",\"@id\":\"https:\/\/siglo21.cr\/#\/schema\/logo\/image\/\",\"url\":\"https:\/\/siglo21.cr\/wp-content\/uploads\/2024\/04\/logo-siglo-21-radioterapia.png\",\"contentUrl\":\"https:\/\/siglo21.cr\/wp-content\/uploads\/2024\/04\/logo-siglo-21-radioterapia.png\",\"width\":255,\"height\":90,\"caption\":\"SigloXXI - Centro Me\u0301dico de Radioterapia\"},\"image\":{\"@id\":\"https:\/\/siglo21.cr\/#\/schema\/logo\/image\/\"},\"sameAs\":[\"https:\/\/www.facebook.com\/sigloXXIcr\/\",\"https:\/\/x.com\/siglo21cr\",\"https:\/\/www.instagram.com\/radioterapia_siglo21\/\",\"https:\/\/www.youtube.com\/channel\/UCOp1HTiyQqULVE_JHqIX_zQ\"]}]}<\/script>\n<!-- \/ Yoast SEO plugin. -->","yoast_head_json":{"title":"BLOG - SigloXXI - Centro Me\u0301dico de Radioterapia","description":"En nuestra secci\u00f3n Blog encontrar\u00e1 art\u00edculos de nutrici\u00f3n, salud emocional, cuidados durante el tratamiento y estilo de vida.","robots":{"index":"index","follow":"follow","max-snippet":"max-snippet:-1","max-image-preview":"max-image-preview:large","max-video-preview":"max-video-preview:-1"},"canonical":"https:\/\/siglo21.cr\/eng\/blog\/","og_locale":"en_US","og_type":"article","og_title":"BLOG - SigloXXI - Centro Me\u0301dico de Radioterapia","og_description":"En nuestra secci\u00f3n Blog encontrar\u00e1 art\u00edculos de nutrici\u00f3n, salud emocional, cuidados durante el tratamiento y estilo de vida.","og_url":"https:\/\/siglo21.cr\/eng\/blog\/","og_site_name":"SigloXXI - Centro Me\u0301dico de Radioterapia","article_publisher":"https:\/\/www.facebook.com\/sigloXXIcr\/","article_modified_time":"2025-08-05T19:26:43+00:00","og_image":[{"width":800,"height":800,"url":"https:\/\/siglo21.cr\/wp-content\/uploads\/2025\/05\/Diseno-sin-titulo-4.png","type":"image\/png"}],"twitter_card":"summary_large_image","twitter_site":"@siglo21cr","twitter_misc":{"Est. reading time":"4 minutes"},"schema":{"@context":"https:\/\/schema.org","@graph":[{"@type":"WebPage","@id":"https:\/\/siglo21.cr\/blog\/","url":"https:\/\/siglo21.cr\/blog\/","name":"BLOG - SigloXXI - Centro Me\u0301dico de Radioterapia","isPartOf":{"@id":"https:\/\/siglo21.cr\/#website"},"primaryImageOfPage":{"@id":"https:\/\/siglo21.cr\/blog\/#primaryimage"},"image":{"@id":"https:\/\/siglo21.cr\/blog\/#primaryimage"},"thumbnailUrl":"https:\/\/siglo21.cr\/wp-content\/uploads\/2025\/05\/Diseno-sin-titulo-4.png","datePublished":"2024-04-22T01:10:19+00:00","dateModified":"2025-08-05T19:26:43+00:00","description":"En nuestra secci\u00f3n Blog encontrar\u00e1 art\u00edculos de nutrici\u00f3n, salud emocional, cuidados durante el tratamiento y estilo de vida.","breadcrumb":{"@id":"https:\/\/siglo21.cr\/blog\/#breadcrumb"},"inLanguage":"en-US","potentialAction":[{"@type":"ReadAction","target":["https:\/\/siglo21.cr\/blog\/"]}]},{"@type":"ImageObject","inLanguage":"en-US","@id":"https:\/\/siglo21.cr\/blog\/#primaryimage","url":"https:\/\/siglo21.cr\/wp-content\/uploads\/2025\/05\/Diseno-sin-titulo-4.png","contentUrl":"https:\/\/siglo21.cr\/wp-content\/uploads\/2025\/05\/Diseno-sin-titulo-4.png"},{"@type":"BreadcrumbList","@id":"https:\/\/siglo21.cr\/blog\/#breadcrumb","itemListElement":[{"@type":"ListItem","position":1,"name":"Portada","item":"https:\/\/siglo21.cr\/"},{"@type":"ListItem","position":2,"name":"BLOG"}]},{"@type":"WebSite","@id":"https:\/\/siglo21.cr\/#website","url":"https:\/\/siglo21.cr\/","name":"SigloXXI - Centro Me\u0301dico de Radioterapia","description":"Centro me\u0301dico de Radioterapia Siglo XXI esta\u0301 enfocado en la atencio\u0301n del paciente oncolo\u0301gico, alta tecnologi\u0301a para combatir el ca\u0301ncer","publisher":{"@id":"https:\/\/siglo21.cr\/#organization"},"potentialAction":[{"@type":"SearchAction","target":{"@type":"EntryPoint","urlTemplate":"https:\/\/siglo21.cr\/?s={search_term_string}"},"query-input":{"@type":"PropertyValueSpecification","valueRequired":true,"valueName":"search_term_string"}}],"inLanguage":"en-US"},{"@type":"Organization","@id":"https:\/\/siglo21.cr\/#organization","name":"SigloXXI - Centro Me\u0301dico de Radioterapia","url":"https:\/\/siglo21.cr\/","logo":{"@type":"ImageObject","inLanguage":"en-US","@id":"https:\/\/siglo21.cr\/#\/schema\/logo\/image\/","url":"https:\/\/siglo21.cr\/wp-content\/uploads\/2024\/04\/logo-siglo-21-radioterapia.png","contentUrl":"https:\/\/siglo21.cr\/wp-content\/uploads\/2024\/04\/logo-siglo-21-radioterapia.png","width":255,"height":90,"caption":"SigloXXI - Centro Me\u0301dico de Radioterapia"},"image":{"@id":"https:\/\/siglo21.cr\/#\/schema\/logo\/image\/"},"sameAs":["https:\/\/www.facebook.com\/sigloXXIcr\/","https:\/\/x.com\/siglo21cr","https:\/\/www.instagram.com\/radioterapia_siglo21\/","https:\/\/www.youtube.com\/channel\/UCOp1HTiyQqULVE_JHqIX_zQ"]}]}},"_links":{"self":[{"href":"https:\/\/siglo21.cr\/eng\/wp-json\/wp\/v2\/pages\/63","targetHints":{"allow":["GET"]}}],"collection":[{"href":"https:\/\/siglo21.cr\/eng\/wp-json\/wp\/v2\/pages"}],"about":[{"href":"https:\/\/siglo21.cr\/eng\/wp-json\/wp\/v2\/types\/page"}],"author":[{"embeddable":true,"href":"https:\/\/siglo21.cr\/eng\/wp-json\/wp\/v2\/users\/1"}],"replies":[{"embeddable":true,"href":"https:\/\/siglo21.cr\/eng\/wp-json\/wp\/v2\/comments?post=63"}],"version-history":[{"count":32,"href":"https:\/\/siglo21.cr\/eng\/wp-json\/wp\/v2\/pages\/63\/revisions"}],"predecessor-version":[{"id":2504,"href":"https:\/\/siglo21.cr\/eng\/wp-json\/wp\/v2\/pages\/63\/revisions\/2504"}],"wp:attachment":[{"href":"https:\/\/siglo21.cr\/eng\/wp-json\/wp\/v2\/media?parent=63"}],"curies":[{"name":"wp","href":"https:\/\/api.w.org\/{rel}","templated":true}]}}