{"id":63,"date":"2024-04-22T01:10:19","date_gmt":"2024-04-22T01:10:19","guid":{"rendered":"https:\/\/siglo21.cr.sinlimitescr.xyz\/?page_id=63"},"modified":"2026-08-06T16:37:03","modified_gmt":"2026-08-06T22:37:03","slug":"blog","status":"publish","type":"page","link":"https:\/\/siglo21.cr\/eng\/blog\/","title":{"rendered":"BLOG"},"content":{"rendered":"<div data-elementor-type=\"wp-page\" data-elementor-id=\"63\" class=\"elementor elementor-63\">\n\t\t\t\t<div class=\"elementor-element elementor-element-5e308dc4 e-con-full e-flex wpr-particle-no wpr-jarallax-no wpr-parallax-no wpr-sticky-section-no e-con e-parent\" data-id=\"5e308dc4\" data-element_type=\"container\">\n\t\t\t\t<div class=\"elementor-element elementor-element-ee13f4b elementor-widget elementor-widget-heading\" data-id=\"ee13f4b\" data-element_type=\"widget\" data-widget_type=\"heading.default\">\n\t\t\t\t<div class=\"elementor-widget-container\">\n\t\t\t\t\t<h2 class=\"elementor-heading-title elementor-size-default\">BLOG<\/h2>\t\t\t\t<\/div>\n\t\t\t\t<\/div>\n\t\t\t\t<\/div>\n\t\t<div class=\"elementor-element elementor-element-47b325b e-flex e-con-boxed wpr-particle-no wpr-jarallax-no wpr-parallax-no wpr-sticky-section-no e-con e-parent\" data-id=\"47b325b\" data-element_type=\"container\">\n\t\t\t\t\t<div class=\"e-con-inner\">\n\t\t\t\t<div class=\"elementor-element elementor-element-3a1e926 raven-advaned-posts-equal-height-yes raven-hover-zoom-move elementor-widget__width-initial elementor-widget elementor-widget-raven-advanced-posts\" data-id=\"3a1e926\" data-element_type=\"widget\" data-settings=\"{&quot;featured_image_hover&quot;:&quot;zoom-move&quot;,&quot;load_effect&quot;:&quot;fade-in&quot;,&quot;columns&quot;:&quot;4&quot;,&quot;query_posts_per_page&quot;:8,&quot;general_layout&quot;:&quot;grid&quot;,&quot;columns_tablet&quot;:&quot;2&quot;,&quot;columns_mobile&quot;:&quot;1&quot;,&quot;pagination_type&quot;:&quot;page_based&quot;,&quot;query_offset&quot;:0}\" data-widget_type=\"raven-advanced-posts.default\">\n\t\t\t\t<div class=\"elementor-widget-container\">\n\t\t\t\t\t\t\t<div class=\"raven-posts raven-posts-grid\">\r\n\t\t\t\t\t\t<div class=\"advanced-posts-content content-layout-under-image raven-grid raven-grid-4 raven-grid-mobile-1 raven-grid-tablet-2 zoom-move\" data-post-id=\"63\" data-archive-query=\"\">\r\n\t\t\t\t<div class=\"raven-posts-item raven-grid-item\"><div class=\"raven-post-wrapper raven-posts-load-effect raven-post-effect-fade-in\"><div class=\"raven-post\"><div class=\"raven-post-image-wrap\"><a class=\"raven-post-image raven-image-fit\" href=\"https:\/\/siglo21.cr\/eng\/2026\/07\/31\/radioterapia-en-centroamerica-su-mejor-opcion\/\"><div class='raven-posts-zoom-move-wrapper' style='background-image: url(https:\/\/siglo21.cr\/wp-content\/uploads\/2026\/07\/Imagenes-para-blog-800-x-600-px-14.jpg)'><\/div> <img fetchpriority=\"high\" decoding=\"async\" width=\"800\" height=\"600\" src=\"https:\/\/siglo21.cr\/wp-content\/uploads\/2026\/07\/Imagenes-para-blog-800-x-600-px-14.jpg\" class=\"attachment-large size-large wp-image-2800\" alt=\"Recepci\u00f3n de Radioterapia Siglo XXI\" srcset=\"https:\/\/siglo21.cr\/wp-content\/uploads\/2026\/07\/Imagenes-para-blog-800-x-600-px-14.jpg 800w, https:\/\/siglo21.cr\/wp-content\/uploads\/2026\/07\/Imagenes-para-blog-800-x-600-px-14-300x225.jpg 300w, https:\/\/siglo21.cr\/wp-content\/uploads\/2026\/07\/Imagenes-para-blog-800-x-600-px-14-768x576.jpg 768w, https:\/\/siglo21.cr\/wp-content\/uploads\/2026\/07\/Imagenes-para-blog-800-x-600-px-14-16x12.jpg 16w\" sizes=\"(max-width: 800px) 100vw, 800px\" \/><span class=\"raven-post-image-overlay\"><\/span><\/a><\/div><div class=\"raven-post-content-container\"><div class=\"raven-post-content\"><div class=\"raven-post-meta\"><a class=\"raven-post-meta-item raven-post-date\" href=\"https:\/\/siglo21.cr\/eng\/2026\/07\/\" rel=\"bookmark\">July 31, 2026<\/a><\/div><h3 class=\"raven-post-title\"><a class=\"raven-post-title-link\" href=\"https:\/\/siglo21.cr\/eng\/2026\/07\/31\/radioterapia-en-centroamerica-su-mejor-opcion\/\">Oncological excellence in Central America<\/a><\/h3><div class=\"raven-post-excerpt\">Radioterapia Siglo XXI is the only specialized center in the region<\/div><\/div><\/div><\/div><\/div><\/div><div class=\"raven-posts-item raven-grid-item\"><div class=\"raven-post-wrapper raven-posts-load-effect raven-post-effect-fade-in\"><div class=\"raven-post\"><div class=\"raven-post-image-wrap\"><a class=\"raven-post-image raven-image-fit\" href=\"https:\/\/siglo21.cr\/eng\/2026\/07\/10\/radioterapia-y-quimioterapia-en-costa-rica\/\"><div class='raven-posts-zoom-move-wrapper' style='background-image: url(https:\/\/siglo21.cr\/wp-content\/uploads\/2026\/06\/Imagenes-para-blog-800-x-600-px-9.jpg)'><\/div> <img decoding=\"async\" width=\"800\" height=\"600\" src=\"https:\/\/siglo21.cr\/wp-content\/uploads\/2026\/06\/Imagenes-para-blog-800-x-600-px-9.jpg\" class=\"attachment-large size-large wp-image-2702\" alt=\"Radioterapia y quimioterapia en un mismo lugar\" srcset=\"https:\/\/siglo21.cr\/wp-content\/uploads\/2026\/06\/Imagenes-para-blog-800-x-600-px-9.jpg 800w, https:\/\/siglo21.cr\/wp-content\/uploads\/2026\/06\/Imagenes-para-blog-800-x-600-px-9-300x225.jpg 300w, https:\/\/siglo21.cr\/wp-content\/uploads\/2026\/06\/Imagenes-para-blog-800-x-600-px-9-768x576.jpg 768w, https:\/\/siglo21.cr\/wp-content\/uploads\/2026\/06\/Imagenes-para-blog-800-x-600-px-9-16x12.jpg 16w\" sizes=\"(max-width: 800px) 100vw, 800px\" \/><span class=\"raven-post-image-overlay\"><\/span><\/a><\/div><div class=\"raven-post-content-container\"><div class=\"raven-post-content\"><div class=\"raven-post-meta\"><a class=\"raven-post-meta-item raven-post-date\" href=\"https:\/\/siglo21.cr\/eng\/2026\/07\/\" rel=\"bookmark\">July 10, 2026<\/a><\/div><h3 class=\"raven-post-title\"><a class=\"raven-post-title-link\" href=\"https:\/\/siglo21.cr\/eng\/2026\/07\/10\/radioterapia-y-quimioterapia-en-costa-rica\/\">Radiotherapy 21st Century now offers chemotherapy services<\/a><\/h3><div class=\"raven-post-excerpt\">Radiotherapy 21st Century implements a new chemotherapy service. Now radiotherapy, radiosurgery, and chemotherapy are available in one location without leaving Costa Rica.<\/div><\/div><\/div><\/div><\/div><\/div><div class=\"raven-posts-item raven-grid-item\"><div class=\"raven-post-wrapper raven-posts-load-effect raven-post-effect-fade-in\"><div class=\"raven-post\"><div class=\"raven-post-image-wrap\"><a class=\"raven-post-image raven-image-fit\" href=\"https:\/\/siglo21.cr\/eng\/2026\/06\/23\/por-que-elegir-costa-rica-para-su-tratamiento-de-radioterapia\/\"><div class='raven-posts-zoom-move-wrapper' style='background-image: url(https:\/\/siglo21.cr\/wp-content\/uploads\/2026\/06\/Imagenes-para-blog-800-x-600-px-6.jpg)'><\/div> <img decoding=\"async\" width=\"800\" height=\"600\" src=\"https:\/\/siglo21.cr\/wp-content\/uploads\/2026\/06\/Imagenes-para-blog-800-x-600-px-6.jpg\" class=\"attachment-large size-large wp-image-2642\" alt=\"\u00bfRadioterapia en Costa Rica?\" srcset=\"https:\/\/siglo21.cr\/wp-content\/uploads\/2026\/06\/Imagenes-para-blog-800-x-600-px-6.jpg 800w, https:\/\/siglo21.cr\/wp-content\/uploads\/2026\/06\/Imagenes-para-blog-800-x-600-px-6-300x225.jpg 300w, https:\/\/siglo21.cr\/wp-content\/uploads\/2026\/06\/Imagenes-para-blog-800-x-600-px-6-768x576.jpg 768w, https:\/\/siglo21.cr\/wp-content\/uploads\/2026\/06\/Imagenes-para-blog-800-x-600-px-6-16x12.jpg 16w\" sizes=\"(max-width: 800px) 100vw, 800px\" \/><span class=\"raven-post-image-overlay\"><\/span><\/a><\/div><div class=\"raven-post-content-container\"><div class=\"raven-post-content\"><div class=\"raven-post-meta\"><a class=\"raven-post-meta-item raven-post-date\" href=\"https:\/\/siglo21.cr\/eng\/2026\/06\/\" rel=\"bookmark\">June 23, 2026<\/a><\/div><h3 class=\"raven-post-title\"><a class=\"raven-post-title-link\" href=\"https:\/\/siglo21.cr\/eng\/2026\/06\/23\/por-que-elegir-costa-rica-para-su-tratamiento-de-radioterapia\/\">Why Choose Costa Rica for Your Radiation Therapy Treatment?<\/a><\/h3><div class=\"raven-post-excerpt\">In Costa Rica, Radioterapia Siglo XXI is the only center in the country and the region to hold both Novalis Certification and ACHC International Accreditation. <\/div><\/div><\/div><\/div><\/div><\/div><div class=\"raven-posts-item raven-grid-item\"><div class=\"raven-post-wrapper raven-posts-load-effect raven-post-effect-fade-in\"><div class=\"raven-post\"><div class=\"raven-post-image-wrap\"><a class=\"raven-post-image raven-image-fit\" href=\"https:\/\/siglo21.cr\/eng\/2026\/05\/21\/radiocirugia-precision-unica-en-costa-rica\/\"><div class='raven-posts-zoom-move-wrapper' style='background-image: url(https:\/\/siglo21.cr\/wp-content\/uploads\/2026\/05\/Imagenes-para-blog-800-x-600-px-5.jpg)'><\/div> <img loading=\"lazy\" decoding=\"async\" width=\"800\" height=\"600\" src=\"https:\/\/siglo21.cr\/wp-content\/uploads\/2026\/05\/Imagenes-para-blog-800-x-600-px-5.jpg\" class=\"attachment-large size-large wp-image-2629\" alt=\"Doble certificaci\u00f3n en tratamientos de radioterapia\" srcset=\"https:\/\/siglo21.cr\/wp-content\/uploads\/2026\/05\/Imagenes-para-blog-800-x-600-px-5.jpg 800w, https:\/\/siglo21.cr\/wp-content\/uploads\/2026\/05\/Imagenes-para-blog-800-x-600-px-5-300x225.jpg 300w, https:\/\/siglo21.cr\/wp-content\/uploads\/2026\/05\/Imagenes-para-blog-800-x-600-px-5-768x576.jpg 768w, https:\/\/siglo21.cr\/wp-content\/uploads\/2026\/05\/Imagenes-para-blog-800-x-600-px-5-16x12.jpg 16w\" sizes=\"(max-width: 800px) 100vw, 800px\" \/><span class=\"raven-post-image-overlay\"><\/span><\/a><\/div><div class=\"raven-post-content-container\"><div class=\"raven-post-content\"><div class=\"raven-post-meta\"><a class=\"raven-post-meta-item raven-post-date\" href=\"https:\/\/siglo21.cr\/eng\/2026\/05\/\" rel=\"bookmark\">May 21, 2026<\/a><\/div><h3 class=\"raven-post-title\"><a class=\"raven-post-title-link\" href=\"https:\/\/siglo21.cr\/eng\/2026\/05\/21\/radiocirugia-precision-unica-en-costa-rica\/\">Quality That Saves Lives: Safety and Precision in Radiation Therapy<\/a><\/h3><div class=\"raven-post-excerpt\">The center currently holds Novalis Certification for its radiosurgery program and ACHC International Accreditation, which validates all of its clinical processes and patient care services.<\/div><\/div><\/div><\/div><\/div><\/div><div class=\"raven-posts-item raven-grid-item\"><div class=\"raven-post-wrapper raven-posts-load-effect raven-post-effect-fade-in\"><div class=\"raven-post\"><div class=\"raven-post-image-wrap\"><a class=\"raven-post-image raven-image-fit\" href=\"https:\/\/siglo21.cr\/eng\/2026\/05\/20\/radioterapia-siglo-xxi-recibe-certificacion-novalis\/\"><div class='raven-posts-zoom-move-wrapper' style='background-image: url(https:\/\/siglo21.cr\/wp-content\/uploads\/2026\/05\/Imagenes-para-blog-800-x-600-px-1-1.png)'><\/div> <img loading=\"lazy\" decoding=\"async\" width=\"800\" height=\"600\" src=\"https:\/\/siglo21.cr\/wp-content\/uploads\/2026\/05\/Imagenes-para-blog-800-x-600-px-1-1.png\" class=\"attachment-large size-large wp-image-2618\" alt=\"Radioterapia Siglo XXI recibe la Certificaci\u00f3n Novalis\" srcset=\"https:\/\/siglo21.cr\/wp-content\/uploads\/2026\/05\/Imagenes-para-blog-800-x-600-px-1-1.png 800w, https:\/\/siglo21.cr\/wp-content\/uploads\/2026\/05\/Imagenes-para-blog-800-x-600-px-1-1-300x225.png 300w, https:\/\/siglo21.cr\/wp-content\/uploads\/2026\/05\/Imagenes-para-blog-800-x-600-px-1-1-768x576.png 768w, https:\/\/siglo21.cr\/wp-content\/uploads\/2026\/05\/Imagenes-para-blog-800-x-600-px-1-1-16x12.png 16w\" sizes=\"(max-width: 800px) 100vw, 800px\" \/><span class=\"raven-post-image-overlay\"><\/span><\/a><\/div><div class=\"raven-post-content-container\"><div class=\"raven-post-content\"><div class=\"raven-post-meta\"><a class=\"raven-post-meta-item raven-post-date\" href=\"https:\/\/siglo21.cr\/eng\/2026\/05\/\" rel=\"bookmark\">May 20, 2026<\/a><\/div><h3 class=\"raven-post-title\"><a class=\"raven-post-title-link\" href=\"https:\/\/siglo21.cr\/eng\/2026\/05\/20\/radioterapia-siglo-xxi-recibe-certificacion-novalis\/\">What Does Novalis Certification Mean?<\/a><\/h3><div class=\"raven-post-excerpt\">Radioterapia Siglo XXI Earns Novalis Certification for Its Radiosurgery Program, Becoming the Only Oncology Center in Costa Rica to Receive This Distinction<\/div><\/div><\/div><\/div><\/div><\/div><div class=\"raven-posts-item raven-grid-item\"><div class=\"raven-post-wrapper raven-posts-load-effect raven-post-effect-fade-in\"><div class=\"raven-post\"><div class=\"raven-post-image-wrap\"><a class=\"raven-post-image raven-image-fit\" href=\"https:\/\/siglo21.cr\/eng\/2026\/05\/13\/radioterapia-siglo-xxi-obtiene-la-acreditacion-internacional-achc\/\"><div class='raven-posts-zoom-move-wrapper' style='background-image: url(https:\/\/siglo21.cr\/wp-content\/uploads\/2026\/05\/4-2.png)'><\/div> <img loading=\"lazy\" decoding=\"async\" width=\"800\" height=\"600\" src=\"https:\/\/siglo21.cr\/wp-content\/uploads\/2026\/05\/4-2.png\" class=\"attachment-large size-large wp-image-2610\" alt=\"ACHC International\" srcset=\"https:\/\/siglo21.cr\/wp-content\/uploads\/2026\/05\/4-2.png 800w, https:\/\/siglo21.cr\/wp-content\/uploads\/2026\/05\/4-2-300x225.png 300w, https:\/\/siglo21.cr\/wp-content\/uploads\/2026\/05\/4-2-768x576.png 768w, https:\/\/siglo21.cr\/wp-content\/uploads\/2026\/05\/4-2-16x12.png 16w\" sizes=\"(max-width: 800px) 100vw, 800px\" \/><span class=\"raven-post-image-overlay\"><\/span><\/a><\/div><div class=\"raven-post-content-container\"><div class=\"raven-post-content\"><div class=\"raven-post-meta\"><a class=\"raven-post-meta-item raven-post-date\" href=\"https:\/\/siglo21.cr\/eng\/2026\/05\/\" rel=\"bookmark\">May 13, 2026<\/a><\/div><h3 class=\"raven-post-title\"><a class=\"raven-post-title-link\" href=\"https:\/\/siglo21.cr\/eng\/2026\/05\/13\/radioterapia-siglo-xxi-obtiene-la-acreditacion-internacional-achc\/\">Why Choose an Internationally Accredited Cancer Center?<\/a><\/h3><div class=\"raven-post-excerpt\">Accredited Center since 2014<\/div><\/div><\/div><\/div><\/div><\/div><div class=\"raven-posts-item raven-grid-item\"><div class=\"raven-post-wrapper raven-posts-load-effect raven-post-effect-fade-in\"><div class=\"raven-post\"><div class=\"raven-post-image-wrap\"><a class=\"raven-post-image raven-image-fit\" href=\"https:\/\/siglo21.cr\/eng\/2026\/04\/16\/mitos-comunes-en-radioterapia\/\"><div class='raven-posts-zoom-move-wrapper' style='background-image: url(https:\/\/siglo21.cr\/wp-content\/uploads\/2024\/05\/videos.png)'><\/div> <img loading=\"lazy\" decoding=\"async\" width=\"410\" height=\"215\" src=\"https:\/\/siglo21.cr\/wp-content\/uploads\/2024\/05\/videos.png\" class=\"attachment-large size-large wp-image-1064\" alt=\"Mitos de la radioterapia\" srcset=\"https:\/\/siglo21.cr\/wp-content\/uploads\/2024\/05\/videos.png 410w, https:\/\/siglo21.cr\/wp-content\/uploads\/2024\/05\/videos-300x157.png 300w, https:\/\/siglo21.cr\/wp-content\/uploads\/2024\/05\/videos-18x9.png 18w\" sizes=\"(max-width: 410px) 100vw, 410px\" \/><span class=\"raven-post-image-overlay\"><\/span><\/a><\/div><div class=\"raven-post-content-container\"><div class=\"raven-post-content\"><div class=\"raven-post-meta\"><a class=\"raven-post-meta-item raven-post-date\" href=\"https:\/\/siglo21.cr\/eng\/2026\/04\/\" rel=\"bookmark\">April 16, 2026<\/a><\/div><h3 class=\"raven-post-title\"><a class=\"raven-post-title-link\" href=\"https:\/\/siglo21.cr\/eng\/2026\/04\/16\/mitos-comunes-en-radioterapia\/\">What are the most common myths about radiation therapy?<\/a><\/h3><div class=\"raven-post-excerpt\">We debunk some of the most common myths about radiation therapy.<\/div><\/div><\/div><\/div><\/div><\/div><div class=\"raven-posts-item raven-grid-item\"><div class=\"raven-post-wrapper raven-posts-load-effect raven-post-effect-fade-in\"><div class=\"raven-post\"><div class=\"raven-post-image-wrap\"><a class=\"raven-post-image raven-image-fit\" href=\"https:\/\/siglo21.cr\/eng\/2025\/12\/17\/cancer-y-navidad-consejos-para-pacientes-este-fin-de-ano\/\"><div class='raven-posts-zoom-move-wrapper' style='background-image: url(https:\/\/siglo21.cr\/wp-content\/uploads\/2025\/12\/Imagenes-para-blog-800-x-600-px.jpg)'><\/div> <img loading=\"lazy\" decoding=\"async\" width=\"800\" height=\"600\" src=\"https:\/\/siglo21.cr\/wp-content\/uploads\/2025\/12\/Imagenes-para-blog-800-x-600-px.jpg\" class=\"attachment-large size-large wp-image-2543\" alt=\"Navidad y c\u00e1ncer\" srcset=\"https:\/\/siglo21.cr\/wp-content\/uploads\/2025\/12\/Imagenes-para-blog-800-x-600-px.jpg 800w, https:\/\/siglo21.cr\/wp-content\/uploads\/2025\/12\/Imagenes-para-blog-800-x-600-px-300x225.jpg 300w, https:\/\/siglo21.cr\/wp-content\/uploads\/2025\/12\/Imagenes-para-blog-800-x-600-px-768x576.jpg 768w, https:\/\/siglo21.cr\/wp-content\/uploads\/2025\/12\/Imagenes-para-blog-800-x-600-px-16x12.jpg 16w\" sizes=\"(max-width: 800px) 100vw, 800px\" \/><span class=\"raven-post-image-overlay\"><\/span><\/a><\/div><div class=\"raven-post-content-container\"><div class=\"raven-post-content\"><div class=\"raven-post-meta\"><a class=\"raven-post-meta-item raven-post-date\" href=\"https:\/\/siglo21.cr\/eng\/2025\/12\/\" rel=\"bookmark\">December 17, 2025<\/a><\/div><h3 class=\"raven-post-title\"><a class=\"raven-post-title-link\" href=\"https:\/\/siglo21.cr\/eng\/2025\/12\/17\/cancer-y-navidad-consejos-para-pacientes-este-fin-de-ano\/\">Christmas and cancer? Tips for the end of the year<\/a><\/h3><div class=\"raven-post-excerpt\">The end-of-year season, with its festivities and gatherings,<\/div><\/div><\/div><\/div><\/div><\/div>\t\t\t<\/div>\r\n\t\t\t<span class=\"raven-posts-preloader\"><\/span><div class=\"raven-pagination\" data-settings=\"{&quot;posts_per_page&quot;:8,&quot;total_pages&quot;:3,&quot;pages_visible&quot;:7}\"><div class=\"raven-pagination-items\"><a class=\"raven-pagination-prev raven-pagination-item raven-pagination-disabled\" href=\"#\">\u00ab Prev<\/a><a class=\"raven-pagination-num raven-pagination-item raven-pagination-active\" href=\"#\" data-page-num=\"1\">1<\/a><a class=\"raven-pagination-num raven-pagination-item\" href=\"#\" data-page-num=\"2\">2<\/a><a class=\"raven-pagination-num raven-pagination-item\" href=\"#\" data-page-num=\"3\">3<\/a><a class=\"raven-pagination-next raven-pagination-item\" href=\"#\">Next \u00bb<\/a><\/div><\/div>\t\t<\/div>\r\n\t\t\t\t\t\t<\/div>\n\t\t\t\t<\/div>\n\t\t\t\t\t<\/div>\n\t\t\t\t<\/div>\n\t\t\t\t<\/div>","protected":false},"excerpt":{"rendered":"<p>BLOG julio 31, 2026 Excelencia oncol\u00f3gica en Centroam\u00e9rica Radioterapia Siglo XXI es el \u00fanico centro especializado de la regi\u00f3n julio 10, 2026 Radioterapia Siglo XXI ahora ofrece servicio de quimioterapia Radioterapia Siglo XXI implementa nuevo servicio de quimioterapia. Ahora radioterapia, radiocirug\u00eda y quimioterapia en un mismo lugar sin salir de Costa Rica. junio 23, 2026 \u00bfPor qu\u00e9 elegir Costa Rica para su tratamiento de radioterapia? En Costa Rica existe Radioterapia Siglo XXI, \u00fanico centro en el pa\u00eds y la regi\u00f3n en contar con Novalis Certified y ACHC International. mayo 21, 2026 Calidad que salva vidas: seguridad y precisi\u00f3n en radioterapia Actualmente el centro cuenta con una Certificaci\u00f3n Internacional en tratamientos de radiocirug\u00eda y una acreditaci\u00f3n internacional que respalda todos los procesos y atenci\u00f3n del paciente. mayo 20, 2026 \u00bfQu\u00e9 significa tener una Certificaci\u00f3n Novalis? Radioterapia Siglo XXI recibe Certificaci\u00f3n de Novalis para su tratamiento de radiocirug\u00eda, siendo el \u00fanico centro oncol\u00f3gico del pa\u00eds en contar con dicha distinci\u00f3n. mayo 13, 2026 \u00bfPor qu\u00e9 elegir un centro con una acreditaci\u00f3n internacional? Por 12 a\u00f1os consecutivos, el Centro M\u00e9dico de Radioterapia Siglo XXI abril 16, 2026 \u00bfCu\u00e1les son los mitos m\u00e1s comunes sobre la radioterapia? Recibir la noticia de que usted o un ser querido necesita diciembre 17, 2025 \u00bfNavidad y c\u00e1ncer? Consejos para fin de a\u00f1o La temporada de fin de a\u00f1o, con sus festividades y reuniones, &laquo; Prev123Next &raquo;<\/p>","protected":false},"author":1,"featured_media":0,"parent":0,"menu_order":0,"comment_status":"closed","ping_status":"closed","template":"elementor_header_footer","meta":{"_acf_changed":false,"inline_featured_image":false,"_joinchat":[],"footnotes":""},"class_list":["post-63","page","type-page","status-publish","hentry"],"acf":[],"yoast_head":"<!-- This site is optimized with the Yoast SEO plugin v25.2 - https:\/\/yoast.com\/wordpress\/plugins\/seo\/ -->\n<title>BLOG - SigloXXI - Centro Me\u0301dico de Radioterapia<\/title>\n<meta name=\"description\" content=\"En nuestra secci\u00f3n Blog encontrar\u00e1 art\u00edculos de nutrici\u00f3n, salud emocional, cuidados durante el tratamiento y estilo de vida.\" \/>\n<meta name=\"robots\" content=\"index, follow, max-snippet:-1, max-image-preview:large, max-video-preview:-1\" \/>\n<link rel=\"canonical\" href=\"https:\/\/siglo21.cr\/eng\/blog\/\" \/>\n<meta property=\"og:locale\" content=\"en_US\" \/>\n<meta property=\"og:type\" content=\"article\" \/>\n<meta property=\"og:title\" content=\"BLOG - SigloXXI - Centro Me\u0301dico de Radioterapia\" \/>\n<meta property=\"og:description\" content=\"En nuestra secci\u00f3n Blog encontrar\u00e1 art\u00edculos de nutrici\u00f3n, salud emocional, cuidados durante el tratamiento y estilo de vida.\" \/>\n<meta property=\"og:url\" content=\"https:\/\/siglo21.cr\/eng\/blog\/\" \/>\n<meta property=\"og:site_name\" content=\"SigloXXI - Centro Me\u0301dico de Radioterapia\" \/>\n<meta property=\"article:publisher\" content=\"https:\/\/www.facebook.com\/sigloXXIcr\/\" \/>\n<meta property=\"article:modified_time\" content=\"2026-08-06T22:37:03+00:00\" \/>\n<meta property=\"og:image\" content=\"https:\/\/siglo21.cr\/wp-content\/uploads\/2026\/07\/Imagenes-para-blog-800-x-600-px-14.jpg\" \/>\n\t<meta property=\"og:image:width\" content=\"800\" \/>\n\t<meta property=\"og:image:height\" content=\"600\" \/>\n\t<meta property=\"og:image:type\" content=\"image\/jpeg\" \/>\n<meta name=\"twitter:card\" content=\"summary_large_image\" \/>\n<meta name=\"twitter:site\" content=\"@siglo21cr\" \/>\n<meta name=\"twitter:label1\" content=\"Est. reading time\" \/>\n\t<meta name=\"twitter:data1\" content=\"3 minutes\" \/>\n<script type=\"application\/ld+json\" class=\"yoast-schema-graph\">{\"@context\":\"https:\/\/schema.org\",\"@graph\":[{\"@type\":\"WebPage\",\"@id\":\"https:\/\/siglo21.cr\/blog\/\",\"url\":\"https:\/\/siglo21.cr\/blog\/\",\"name\":\"BLOG - SigloXXI - Centro Me\u0301dico de Radioterapia\",\"isPartOf\":{\"@id\":\"https:\/\/siglo21.cr\/#website\"},\"primaryImageOfPage\":{\"@id\":\"https:\/\/siglo21.cr\/blog\/#primaryimage\"},\"image\":{\"@id\":\"https:\/\/siglo21.cr\/blog\/#primaryimage\"},\"thumbnailUrl\":\"https:\/\/siglo21.cr\/wp-content\/uploads\/2026\/07\/Imagenes-para-blog-800-x-600-px-14.jpg\",\"datePublished\":\"2024-04-22T01:10:19+00:00\",\"dateModified\":\"2026-08-06T22:37:03+00:00\",\"description\":\"En nuestra secci\u00f3n Blog encontrar\u00e1 art\u00edculos de nutrici\u00f3n, salud emocional, cuidados durante el tratamiento y estilo de vida.\",\"breadcrumb\":{\"@id\":\"https:\/\/siglo21.cr\/blog\/#breadcrumb\"},\"inLanguage\":\"en-US\",\"potentialAction\":[{\"@type\":\"ReadAction\",\"target\":[\"https:\/\/siglo21.cr\/blog\/\"]}]},{\"@type\":\"ImageObject\",\"inLanguage\":\"en-US\",\"@id\":\"https:\/\/siglo21.cr\/blog\/#primaryimage\",\"url\":\"https:\/\/siglo21.cr\/wp-content\/uploads\/2026\/07\/Imagenes-para-blog-800-x-600-px-14.jpg\",\"contentUrl\":\"https:\/\/siglo21.cr\/wp-content\/uploads\/2026\/07\/Imagenes-para-blog-800-x-600-px-14.jpg\"},{\"@type\":\"BreadcrumbList\",\"@id\":\"https:\/\/siglo21.cr\/blog\/#breadcrumb\",\"itemListElement\":[{\"@type\":\"ListItem\",\"position\":1,\"name\":\"Portada\",\"item\":\"https:\/\/siglo21.cr\/\"},{\"@type\":\"ListItem\",\"position\":2,\"name\":\"BLOG\"}]},{\"@type\":\"WebSite\",\"@id\":\"https:\/\/siglo21.cr\/#website\",\"url\":\"https:\/\/siglo21.cr\/\",\"name\":\"SigloXXI - Centro Me\u0301dico de Radioterapia\",\"description\":\"Centro me\u0301dico de Radioterapia Siglo XXI esta\u0301 enfocado en la atencio\u0301n del paciente oncolo\u0301gico, alta tecnologi\u0301a para combatir el ca\u0301ncer\",\"publisher\":{\"@id\":\"https:\/\/siglo21.cr\/#organization\"},\"potentialAction\":[{\"@type\":\"SearchAction\",\"target\":{\"@type\":\"EntryPoint\",\"urlTemplate\":\"https:\/\/siglo21.cr\/?s={search_term_string}\"},\"query-input\":{\"@type\":\"PropertyValueSpecification\",\"valueRequired\":true,\"valueName\":\"search_term_string\"}}],\"inLanguage\":\"en-US\"},{\"@type\":\"Organization\",\"@id\":\"https:\/\/siglo21.cr\/#organization\",\"name\":\"SigloXXI - Centro Me\u0301dico de Radioterapia\",\"url\":\"https:\/\/siglo21.cr\/\",\"logo\":{\"@type\":\"ImageObject\",\"inLanguage\":\"en-US\",\"@id\":\"https:\/\/siglo21.cr\/#\/schema\/logo\/image\/\",\"url\":\"https:\/\/siglo21.cr\/wp-content\/uploads\/2024\/04\/logo-siglo-21-radioterapia.png\",\"contentUrl\":\"https:\/\/siglo21.cr\/wp-content\/uploads\/2024\/04\/logo-siglo-21-radioterapia.png\",\"width\":255,\"height\":90,\"caption\":\"SigloXXI - Centro Me\u0301dico de Radioterapia\"},\"image\":{\"@id\":\"https:\/\/siglo21.cr\/#\/schema\/logo\/image\/\"},\"sameAs\":[\"https:\/\/www.facebook.com\/sigloXXIcr\/\",\"https:\/\/x.com\/siglo21cr\",\"https:\/\/www.instagram.com\/radioterapia_siglo21\/\",\"https:\/\/www.youtube.com\/channel\/UCOp1HTiyQqULVE_JHqIX_zQ\"]}]}<\/script>\n<!-- \/ Yoast SEO plugin. -->","yoast_head_json":{"title":"BLOG - SigloXXI - Centro Me\u0301dico de Radioterapia","description":"En nuestra secci\u00f3n Blog encontrar\u00e1 art\u00edculos de nutrici\u00f3n, salud emocional, cuidados durante el tratamiento y estilo de vida.","robots":{"index":"index","follow":"follow","max-snippet":"max-snippet:-1","max-image-preview":"max-image-preview:large","max-video-preview":"max-video-preview:-1"},"canonical":"https:\/\/siglo21.cr\/eng\/blog\/","og_locale":"en_US","og_type":"article","og_title":"BLOG - SigloXXI - Centro Me\u0301dico de Radioterapia","og_description":"En nuestra secci\u00f3n Blog encontrar\u00e1 art\u00edculos de nutrici\u00f3n, salud emocional, cuidados durante el tratamiento y estilo de vida.","og_url":"https:\/\/siglo21.cr\/eng\/blog\/","og_site_name":"SigloXXI - Centro Me\u0301dico de Radioterapia","article_publisher":"https:\/\/www.facebook.com\/sigloXXIcr\/","article_modified_time":"2026-08-06T22:37:03+00:00","og_image":[{"width":800,"height":600,"url":"https:\/\/siglo21.cr\/wp-content\/uploads\/2026\/07\/Imagenes-para-blog-800-x-600-px-14.jpg","type":"image\/jpeg"}],"twitter_card":"summary_large_image","twitter_site":"@siglo21cr","twitter_misc":{"Est. reading time":"3 minutes"},"schema":{"@context":"https:\/\/schema.org","@graph":[{"@type":"WebPage","@id":"https:\/\/siglo21.cr\/blog\/","url":"https:\/\/siglo21.cr\/blog\/","name":"BLOG - SigloXXI - Centro Me\u0301dico de Radioterapia","isPartOf":{"@id":"https:\/\/siglo21.cr\/#website"},"primaryImageOfPage":{"@id":"https:\/\/siglo21.cr\/blog\/#primaryimage"},"image":{"@id":"https:\/\/siglo21.cr\/blog\/#primaryimage"},"thumbnailUrl":"https:\/\/siglo21.cr\/wp-content\/uploads\/2026\/07\/Imagenes-para-blog-800-x-600-px-14.jpg","datePublished":"2024-04-22T01:10:19+00:00","dateModified":"2026-08-06T22:37:03+00:00","description":"En nuestra secci\u00f3n Blog encontrar\u00e1 art\u00edculos de nutrici\u00f3n, salud emocional, cuidados durante el tratamiento y estilo de vida.","breadcrumb":{"@id":"https:\/\/siglo21.cr\/blog\/#breadcrumb"},"inLanguage":"en-US","potentialAction":[{"@type":"ReadAction","target":["https:\/\/siglo21.cr\/blog\/"]}]},{"@type":"ImageObject","inLanguage":"en-US","@id":"https:\/\/siglo21.cr\/blog\/#primaryimage","url":"https:\/\/siglo21.cr\/wp-content\/uploads\/2026\/07\/Imagenes-para-blog-800-x-600-px-14.jpg","contentUrl":"https:\/\/siglo21.cr\/wp-content\/uploads\/2026\/07\/Imagenes-para-blog-800-x-600-px-14.jpg"},{"@type":"BreadcrumbList","@id":"https:\/\/siglo21.cr\/blog\/#breadcrumb","itemListElement":[{"@type":"ListItem","position":1,"name":"Portada","item":"https:\/\/siglo21.cr\/"},{"@type":"ListItem","position":2,"name":"BLOG"}]},{"@type":"WebSite","@id":"https:\/\/siglo21.cr\/#website","url":"https:\/\/siglo21.cr\/","name":"SigloXXI - Centro Me\u0301dico de Radioterapia","description":"Centro me\u0301dico de Radioterapia Siglo XXI esta\u0301 enfocado en la atencio\u0301n del paciente oncolo\u0301gico, alta tecnologi\u0301a para combatir el ca\u0301ncer","publisher":{"@id":"https:\/\/siglo21.cr\/#organization"},"potentialAction":[{"@type":"SearchAction","target":{"@type":"EntryPoint","urlTemplate":"https:\/\/siglo21.cr\/?s={search_term_string}"},"query-input":{"@type":"PropertyValueSpecification","valueRequired":true,"valueName":"search_term_string"}}],"inLanguage":"en-US"},{"@type":"Organization","@id":"https:\/\/siglo21.cr\/#organization","name":"SigloXXI - Centro Me\u0301dico de Radioterapia","url":"https:\/\/siglo21.cr\/","logo":{"@type":"ImageObject","inLanguage":"en-US","@id":"https:\/\/siglo21.cr\/#\/schema\/logo\/image\/","url":"https:\/\/siglo21.cr\/wp-content\/uploads\/2024\/04\/logo-siglo-21-radioterapia.png","contentUrl":"https:\/\/siglo21.cr\/wp-content\/uploads\/2024\/04\/logo-siglo-21-radioterapia.png","width":255,"height":90,"caption":"SigloXXI - Centro Me\u0301dico de Radioterapia"},"image":{"@id":"https:\/\/siglo21.cr\/#\/schema\/logo\/image\/"},"sameAs":["https:\/\/www.facebook.com\/sigloXXIcr\/","https:\/\/x.com\/siglo21cr","https:\/\/www.instagram.com\/radioterapia_siglo21\/","https:\/\/www.youtube.com\/channel\/UCOp1HTiyQqULVE_JHqIX_zQ"]}]}},"_links":{"self":[{"href":"https:\/\/siglo21.cr\/eng\/wp-json\/wp\/v2\/pages\/63","targetHints":{"allow":["GET"]}}],"collection":[{"href":"https:\/\/siglo21.cr\/eng\/wp-json\/wp\/v2\/pages"}],"about":[{"href":"https:\/\/siglo21.cr\/eng\/wp-json\/wp\/v2\/types\/page"}],"author":[{"embeddable":true,"href":"https:\/\/siglo21.cr\/eng\/wp-json\/wp\/v2\/users\/1"}],"replies":[{"embeddable":true,"href":"https:\/\/siglo21.cr\/eng\/wp-json\/wp\/v2\/comments?post=63"}],"version-history":[{"count":43,"href":"https:\/\/siglo21.cr\/eng\/wp-json\/wp\/v2\/pages\/63\/revisions"}],"predecessor-version":[{"id":2817,"href":"https:\/\/siglo21.cr\/eng\/wp-json\/wp\/v2\/pages\/63\/revisions\/2817"}],"wp:attachment":[{"href":"https:\/\/siglo21.cr\/eng\/wp-json\/wp\/v2\/media?parent=63"}],"curies":[{"name":"wp","href":"https:\/\/api.w.org\/{rel}","templated":true}]}}